{"id":24867,"date":"2026-04-03T09:04:44","date_gmt":"2026-04-03T12:04:44","guid":{"rendered":"https:\/\/saintandrews.com.br\/?post_type=product&#038;p=24867"},"modified":"2026-04-29T11:51:54","modified_gmt":"2026-04-29T14:51:54","slug":"dejeuner-special-de-la-fete-des-meres-le-10-mai-2026","status":"publish","type":"product","link":"https:\/\/saintandrews.com.br\/fr\/produto\/10-de-maio-de-2026-almoco-especial-dia-das-maes\/","title":{"rendered":"10 mai 2026<br>D\u00e9jeuner sp\u00e9cial<br>f\u00eate des M\u00e8res"},"content":{"rendered":"<p><span style=\"font-weight: 400;\">Dans un cadre exceptionnel, offrant une vue imprenable sur la vall\u00e9e de Quilombo, le ch\u00e2teau de Saint Andrews propose une exp\u00e9rience exclusive pour...\u00a0 <\/span><b>f\u00eate des M\u00e8res<\/b><span style=\"font-weight: 400;\">, une fa\u00e7on de rendre l&#039;amour inconditionnel et de c\u00e9l\u00e9brer celui ou celle qui est un symbole de soin, d&#039;affection et de la vie m\u00eame que nous avons re\u00e7ue.<\/span><\/p>\n<p>&nbsp;<\/p>\n<p>MENU<\/p>\n<p><span style=\"font-size: 10pt;\"><strong>Amuse-bouche<\/strong><\/span><br \/>\nTartine de brie et de fraises au vinaigre balsamique<br \/>\n<span style=\"font-size: 10pt;\">Une petite tartine garnie de brie et d&#039;un tartare de fraises au vinaigre balsamique. Vin mousseux de Serra Ga\u00facha.<\/span><br \/>\n<em><span style=\"font-size: 14pt;\"><strong><span style=\"font-size: 10pt;\">Harmonisation:<\/span><\/strong><\/span> Vin mousseux Capoani Blanc de Blanc Brut<\/em><\/p>\n<p>&nbsp;<\/p>\n<p><span style=\"font-size: 10pt;\"><strong>Interdit<\/strong><\/span><br \/>\n<span style=\"font-size: 14pt;\"><span style=\"font-size: 12pt;\">Asperges \u00e0 la sauce maltaise<br \/>\n<span style=\"font-size: 10pt;\">Asperges vertes grill\u00e9es napp\u00e9es d&#039;une onctueuse sauce maltaise, une variante de la sauce hollandaise qui inclut une r\u00e9duction d&#039;orange dans sa pr\u00e9paration.<\/span><br \/>\n<em><strong><span style=\"font-size: 10pt;\">Harmonisation:<\/span><\/strong> Vin mousseux Capoani Blanc de Blanc Brut\u00a0<\/em><\/span><em><br \/>\n<\/em><br \/>\n<\/span><\/p>\n<p><span style=\"font-size: 10pt;\"><strong>Entr\u00e9e<\/strong><\/span><br \/>\n<span style=\"font-size: 14pt;\"><span style=\"font-size: 12pt;\">Risotto aux champignons et pignons de pin croustillants.<\/span><br \/>\n<strong><span style=\"font-size: 10pt;\">Harmonisation: <\/span><\/strong><em><span style=\"font-size: 12pt;\">Vin blanc Fichet Bourgogne Aligot\u00e9 AOP 2022\u00a0<\/span><br \/>\n<\/em><br \/>\n<\/span><\/p>\n<p><span style=\"font-size: 10pt;\"><strong>Deuxi\u00e8me plat<\/strong><\/span><br \/>\n<span style=\"font-size: 14pt;\"><span style=\"font-size: 12pt;\">Tournedos de filet de b\u0153uf sauce au vin et mille-feuille de panais.<br \/>\n<span style=\"font-size: 10pt;\">Une pi\u00e8ce de choix, grill\u00e9e \u00e0 votre go\u00fbt, napp\u00e9e de notre sauce au romarin maison. <\/span><\/span><\/span><span style=\"font-size: 14pt;\"><span style=\"font-size: 12pt;\"><span style=\"font-size: 10pt;\">Potager accompagn\u00e9 d&#039;un mille-feuille de manioc pr\u00e9par\u00e9 avec de fines tranches et du beurre.<\/span><\/span><br \/>\n<strong><span style=\"font-size: 10pt;\">Harmonisation: <\/span><\/strong><span style=\"font-size: 12pt;\"><em>Vin rouge Jos\u00e9 de Sousa Mayor VR Alentejano 2017<\/em><\/span><\/span><\/p>\n<p>&nbsp;<\/p>\n<p><strong><span style=\"font-size: 10pt;\">Pr\u00e9-dessert<\/span><\/strong><br \/>\n<span style=\"font-size: 14pt;\"><span style=\"font-size: 12pt;\">verrine de sorbet \u00e0 la bergamote<br \/>\n<span style=\"font-size: 10pt;\">Un petit aper\u00e7u du grand final<\/span><\/span><br \/>\n<\/span><\/p>\n<p>&nbsp;<\/p>\n<p><strong><span style=\"font-size: 10pt;\">Dessert<\/span><\/strong><br \/>\n<span style=\"font-size: 14pt;\"><span style=\"font-size: 12pt;\">Mousse au chocolat blanc, biscuit \u00e0 la framboise, pralin\u00e9 aux amandes et coulis de framboises<br \/>\n<span style=\"font-size: 10pt;\">La beaut\u00e9 et la d\u00e9licatesse de deux joyaux de la confiserie qui s&#039;harmonisent par contraste : la douceur du chocolat blanc et la d\u00e9licate acidit\u00e9 de la framboise.<\/span><\/span><br \/>\n<strong><span style=\"font-size: 10pt;\">Harmonisation: <\/span><\/strong><span style=\"font-size: 12pt;\"><em>Vin de vendanges tardives de Miolo<\/em><\/span><br \/>\n<\/span><\/p>\n<p>&nbsp;<\/p>\n<p>Pour conclure cette exp\u00e9rience, un caf\u00e9 ou un th\u00e9 accompagn\u00e9 de Petit Four Saint Andrews vous sera servi.<\/p>\n<p>&nbsp;<\/p>\n<p><strong><span style=\"font-size: 10pt;\">Date:<\/span><\/strong> 10 mai (dimanche)<br \/>\n<strong><span style=\"font-size: 10pt;\">Commencer:<\/span> <\/strong>12h30 (boisson de bienvenue)<\/p>\n<p>&nbsp;<\/p>\n<p><span style=\"font-size: 10pt;\">*Le menu et les prix sont susceptibles d&#039;\u00eatre modifi\u00e9s sans pr\u00e9avis.<br \/>\n*Image \u00e0 titre indicatif seulement.<\/span><\/p>\n<p>&nbsp;<\/p>\n<p><strong>Menu harmonis\u00e9 :<\/strong><br \/>\nNous servirons des verres de 100 ml de chaque \u00e9tiquette par personne. Le dessert, quant \u00e0 lui, sera servi dans un verre de 50 ml.<br \/>\nDes bouteilles et des verres suppl\u00e9mentaires peuvent \u00eatre demand\u00e9s (prix et disponibilit\u00e9 sur demande).<\/p>\n<p><strong>Menu sans accord mets et vins\u00a0:<br \/>\n<\/strong>Les accords mets et vins peuvent \u00eatre choisis s\u00e9par\u00e9ment, permettant \u00e0 chaque convive de personnaliser son exp\u00e9rience selon ses pr\u00e9f\u00e9rences.<\/p>\n<p>&nbsp;<\/p>\n<p><strong>Prix du d\u00e9jeuner par personne :<\/strong><\/p>","protected":false},"excerpt":{"rendered":"<p>No cen\u00e1rio deslumbrante, com vista privilegiada para o Vale do Quilombo, o Castelo Saint Andrews oferece uma experi\u00eancia exclusiva para o\u00a0 Dia das M\u00e3es, uma forma de retribuir o amor incondicional e celebrar aquela que \u00e9 s\u00edmbolo de cuidado, carinho e da pr\u00f3pria vida que recebemos. &nbsp; MENU Amuse-bouche Toast de Brie e Morangos ao [&hellip;]<\/p>\n","protected":false},"featured_media":24881,"template":"","meta":{"_acf_changed":false},"product_brand":[],"product_cat":[228],"product_tag":[],"class_list":{"0":"post-24867","1":"product","2":"type-product","3":"status-publish","4":"has-post-thumbnail","6":"product_cat-festivais","8":"first","9":"instock","10":"taxable","11":"shipping-taxable","12":"purchasable","13":"product-type-variable","14":"has-default-attributes"},"acf":[],"yoast_head":"<!-- This site is optimized with the Yoast SEO plugin v27.2 - https:\/\/yoast.com\/product\/yoast-seo-wordpress\/ -->\n<title>10 de maio de 2026Almo\u00e7o EspecialDia das M\u00e3es - Castelo Saint Andrews<\/title>\n<meta name=\"description\" content=\"No cen\u00e1rio deslumbrante, com vista privilegiada para o Vale do Quilombo, o Castelo Saint Andrews oferece uma experi\u00eancia exclusiva para o\u00a0 Dia das M\u00e3es, uma forma de retribuir o amor incondicional e celebrar aquela que \u00e9 s\u00edmbolo de cuidado, carinho e da pr\u00f3pria vida que recebemos.\" \/>\n<meta name=\"robots\" content=\"index, follow, max-snippet:-1, max-image-preview:large, max-video-preview:-1\" \/>\n<link rel=\"canonical\" href=\"https:\/\/saintandrews.com.br\/fr\/produit\/dejeuner-special-de-la-fete-des-meres-le-10-mai-2026\/\" \/>\n<meta property=\"og:locale\" content=\"fr_FR\" \/>\n<meta property=\"og:type\" content=\"article\" \/>\n<meta property=\"og:title\" content=\"10 de maio de 2026Almo\u00e7o EspecialDia das M\u00e3es - Castelo Saint Andrews\" \/>\n<meta property=\"og:description\" content=\"No cen\u00e1rio deslumbrante, com vista privilegiada para o Vale do Quilombo, o Castelo Saint Andrews oferece uma experi\u00eancia exclusiva para o\u00a0 Dia das M\u00e3es, uma forma de retribuir o amor incondicional e celebrar aquela que \u00e9 s\u00edmbolo de cuidado, carinho e da pr\u00f3pria vida que recebemos.\" \/>\n<meta property=\"og:url\" content=\"https:\/\/saintandrews.com.br\/fr\/produit\/dejeuner-special-de-la-fete-des-meres-le-10-mai-2026\/\" \/>\n<meta property=\"og:site_name\" content=\"Castelo Saint Andrews\" \/>\n<meta property=\"article:modified_time\" content=\"2026-04-29T14:51:54+00:00\" \/>\n<meta property=\"og:image\" content=\"https:\/\/saintandrews.com.br\/wp-content\/uploads\/2026\/04\/risoto-1.webp\" \/>\n\t<meta property=\"og:image:width\" content=\"1024\" \/>\n\t<meta property=\"og:image:height\" content=\"1024\" \/>\n\t<meta property=\"og:image:type\" content=\"image\/webp\" \/>\n<meta name=\"twitter:card\" content=\"summary_large_image\" \/>\n<meta name=\"twitter:label1\" content=\"Dur\u00e9e de lecture estim\u00e9e\" \/>\n\t<meta name=\"twitter:data1\" content=\"3 minutes\" \/>\n<script type=\"application\/ld+json\" class=\"yoast-schema-graph\">{\"@context\":\"https:\/\/schema.org\",\"@graph\":[{\"@type\":\"WebPage\",\"@id\":\"https:\/\/saintandrews.com.br\/produto\/10-de-maio-de-2026-almoco-especial-dia-das-maes\/\",\"url\":\"https:\/\/saintandrews.com.br\/produto\/10-de-maio-de-2026-almoco-especial-dia-das-maes\/\",\"name\":\"10 de maio de 2026 Almo\u00e7o Especial Dia das M\u00e3es - Castelo Saint Andrews\",\"isPartOf\":{\"@id\":\"https:\/\/saintandrews.com.br\/#website\"},\"primaryImageOfPage\":{\"@id\":\"https:\/\/saintandrews.com.br\/produto\/10-de-maio-de-2026-almoco-especial-dia-das-maes\/#primaryimage\"},\"image\":{\"@id\":\"https:\/\/saintandrews.com.br\/produto\/10-de-maio-de-2026-almoco-especial-dia-das-maes\/#primaryimage\"},\"thumbnailUrl\":\"https:\/\/saintandrews.com.br\/wp-content\/uploads\/2026\/04\/risoto-1.webp\",\"datePublished\":\"2026-04-03T12:04:44+00:00\",\"dateModified\":\"2026-04-29T14:51:54+00:00\",\"description\":\"No cen\u00e1rio deslumbrante, com vista privilegiada para o Vale do Quilombo, o Castelo Saint Andrews oferece uma experi\u00eancia exclusiva para o\u00a0 Dia das M\u00e3es, uma forma de retribuir o amor incondicional e celebrar aquela que \u00e9 s\u00edmbolo de cuidado, carinho e da pr\u00f3pria vida que recebemos.\",\"breadcrumb\":{\"@id\":\"https:\/\/saintandrews.com.br\/produto\/10-de-maio-de-2026-almoco-especial-dia-das-maes\/#breadcrumb\"},\"inLanguage\":\"fr-FR\",\"potentialAction\":[{\"@type\":\"ReadAction\",\"target\":[\"https:\/\/saintandrews.com.br\/produto\/10-de-maio-de-2026-almoco-especial-dia-das-maes\/\"]}]},{\"@type\":\"ImageObject\",\"inLanguage\":\"fr-FR\",\"@id\":\"https:\/\/saintandrews.com.br\/produto\/10-de-maio-de-2026-almoco-especial-dia-das-maes\/#primaryimage\",\"url\":\"https:\/\/saintandrews.com.br\/wp-content\/uploads\/2026\/04\/risoto-1.webp\",\"contentUrl\":\"https:\/\/saintandrews.com.br\/wp-content\/uploads\/2026\/04\/risoto-1.webp\",\"width\":1024,\"height\":1024},{\"@type\":\"BreadcrumbList\",\"@id\":\"https:\/\/saintandrews.com.br\/produto\/10-de-maio-de-2026-almoco-especial-dia-das-maes\/#breadcrumb\",\"itemListElement\":[{\"@type\":\"ListItem\",\"position\":1,\"name\":\"In\u00edcio\",\"item\":\"https:\/\/saintandrews.com.br\/\"},{\"@type\":\"ListItem\",\"position\":2,\"name\":\"Experi\u00eancias\",\"item\":\"https:\/\/saintandrews.com.br\/experiencias\/\"},{\"@type\":\"ListItem\",\"position\":3,\"name\":\"10 de maio de 2026Almo\u00e7o EspecialDia das M\u00e3es\"}]},{\"@type\":\"WebSite\",\"@id\":\"https:\/\/saintandrews.com.br\/#website\",\"url\":\"https:\/\/saintandrews.com.br\/\",\"name\":\"Castelo Saint Andrews\",\"description\":\"Seu hotel\u00a0em\u00a0Gramado\",\"publisher\":{\"@id\":\"https:\/\/saintandrews.com.br\/#organization\"},\"potentialAction\":[{\"@type\":\"SearchAction\",\"target\":{\"@type\":\"EntryPoint\",\"urlTemplate\":\"https:\/\/saintandrews.com.br\/?s={search_term_string}\"},\"query-input\":{\"@type\":\"PropertyValueSpecification\",\"valueRequired\":true,\"valueName\":\"search_term_string\"}}],\"inLanguage\":\"fr-FR\"},{\"@type\":\"Organization\",\"@id\":\"https:\/\/saintandrews.com.br\/#organization\",\"name\":\"Castelo Saint Andrews\",\"url\":\"https:\/\/saintandrews.com.br\/\",\"logo\":{\"@type\":\"ImageObject\",\"inLanguage\":\"fr-FR\",\"@id\":\"https:\/\/saintandrews.com.br\/#\/schema\/logo\/image\/\",\"url\":\"https:\/\/saintandrews.com.br\/wp-content\/uploads\/2024\/04\/Logo-SaintAndrews-Cabecalho-01-01.svg\",\"contentUrl\":\"https:\/\/saintandrews.com.br\/wp-content\/uploads\/2024\/04\/Logo-SaintAndrews-Cabecalho-01-01.svg\",\"width\":612.8999999999999772626324556767940521240234375,\"height\":167.5,\"caption\":\"Castelo Saint Andrews\"},\"image\":{\"@id\":\"https:\/\/saintandrews.com.br\/#\/schema\/logo\/image\/\"}}]}<\/script>\n<!-- \/ Yoast SEO plugin. -->","yoast_head_json":{"title":"10 mai 2026 - D\u00e9jeuner sp\u00e9cial pour la f\u00eate des m\u00e8res - Ch\u00e2teau de Saint Andrews","description":"Dans un cadre exceptionnel, avec une vue privil\u00e9gi\u00e9e sur la vall\u00e9e de Quilombo, le ch\u00e2teau de Saint Andrews offre une exp\u00e9rience exclusive pour la f\u00eate des m\u00e8res, une fa\u00e7on de rendre l&#039;amour inconditionnel et de c\u00e9l\u00e9brer celle qui est un symbole de soin, d&#039;affection et de la vie m\u00eame que nous avons re\u00e7ue.","robots":{"index":"index","follow":"follow","max-snippet":"max-snippet:-1","max-image-preview":"max-image-preview:large","max-video-preview":"max-video-preview:-1"},"canonical":"https:\/\/saintandrews.com.br\/fr\/produit\/dejeuner-special-de-la-fete-des-meres-le-10-mai-2026\/","og_locale":"fr_FR","og_type":"article","og_title":"10 de maio de 2026Almo\u00e7o EspecialDia das M\u00e3es - Castelo Saint Andrews","og_description":"No cen\u00e1rio deslumbrante, com vista privilegiada para o Vale do Quilombo, o Castelo Saint Andrews oferece uma experi\u00eancia exclusiva para o\u00a0 Dia das M\u00e3es, uma forma de retribuir o amor incondicional e celebrar aquela que \u00e9 s\u00edmbolo de cuidado, carinho e da pr\u00f3pria vida que recebemos.","og_url":"https:\/\/saintandrews.com.br\/fr\/produit\/dejeuner-special-de-la-fete-des-meres-le-10-mai-2026\/","og_site_name":"Castelo Saint Andrews","article_modified_time":"2026-04-29T14:51:54+00:00","og_image":[{"width":1024,"height":1024,"url":"https:\/\/saintandrews.com.br\/wp-content\/uploads\/2026\/04\/risoto-1.webp","type":"image\/webp"}],"twitter_card":"summary_large_image","twitter_misc":{"Dur\u00e9e de lecture estim\u00e9e":"3 minutes"},"schema":{"@context":"https:\/\/schema.org","@graph":[{"@type":"WebPage","@id":"https:\/\/saintandrews.com.br\/produto\/10-de-maio-de-2026-almoco-especial-dia-das-maes\/","url":"https:\/\/saintandrews.com.br\/produto\/10-de-maio-de-2026-almoco-especial-dia-das-maes\/","name":"D\u00e9jeuner sp\u00e9cial F\u00eate des M\u00e8res, le 10 mai 2026 - Ch\u00e2teau de Saint Andrews","isPartOf":{"@id":"https:\/\/saintandrews.com.br\/#website"},"primaryImageOfPage":{"@id":"https:\/\/saintandrews.com.br\/produto\/10-de-maio-de-2026-almoco-especial-dia-das-maes\/#primaryimage"},"image":{"@id":"https:\/\/saintandrews.com.br\/produto\/10-de-maio-de-2026-almoco-especial-dia-das-maes\/#primaryimage"},"thumbnailUrl":"https:\/\/saintandrews.com.br\/wp-content\/uploads\/2026\/04\/risoto-1.webp","datePublished":"2026-04-03T12:04:44+00:00","dateModified":"2026-04-29T14:51:54+00:00","description":"Dans un cadre exceptionnel, avec une vue privil\u00e9gi\u00e9e sur la vall\u00e9e de Quilombo, le ch\u00e2teau de Saint Andrews offre une exp\u00e9rience exclusive pour la f\u00eate des m\u00e8res, une fa\u00e7on de rendre l&#039;amour inconditionnel et de c\u00e9l\u00e9brer celle qui est un symbole de soin, d&#039;affection et de la vie m\u00eame que nous avons re\u00e7ue.","breadcrumb":{"@id":"https:\/\/saintandrews.com.br\/produto\/10-de-maio-de-2026-almoco-especial-dia-das-maes\/#breadcrumb"},"inLanguage":"fr-FR","potentialAction":[{"@type":"ReadAction","target":["https:\/\/saintandrews.com.br\/produto\/10-de-maio-de-2026-almoco-especial-dia-das-maes\/"]}]},{"@type":"ImageObject","inLanguage":"fr-FR","@id":"https:\/\/saintandrews.com.br\/produto\/10-de-maio-de-2026-almoco-especial-dia-das-maes\/#primaryimage","url":"https:\/\/saintandrews.com.br\/wp-content\/uploads\/2026\/04\/risoto-1.webp","contentUrl":"https:\/\/saintandrews.com.br\/wp-content\/uploads\/2026\/04\/risoto-1.webp","width":1024,"height":1024},{"@type":"BreadcrumbList","@id":"https:\/\/saintandrews.com.br\/produto\/10-de-maio-de-2026-almoco-especial-dia-das-maes\/#breadcrumb","itemListElement":[{"@type":"ListItem","position":1,"name":"In\u00edcio","item":"https:\/\/saintandrews.com.br\/"},{"@type":"ListItem","position":2,"name":"Experi\u00eancias","item":"https:\/\/saintandrews.com.br\/experiencias\/"},{"@type":"ListItem","position":3,"name":"10 de maio de 2026Almo\u00e7o EspecialDia das M\u00e3es"}]},{"@type":"WebSite","@id":"https:\/\/saintandrews.com.br\/#website","url":"https:\/\/saintandrews.com.br\/","name":"Ch\u00e2teau de Saint Andrews","description":"Votre h\u00f4tel \u00e0 Gramado","publisher":{"@id":"https:\/\/saintandrews.com.br\/#organization"},"potentialAction":[{"@type":"SearchAction","target":{"@type":"EntryPoint","urlTemplate":"https:\/\/saintandrews.com.br\/?s={search_term_string}"},"query-input":{"@type":"PropertyValueSpecification","valueRequired":true,"valueName":"search_term_string"}}],"inLanguage":"fr-FR"},{"@type":"Organization","@id":"https:\/\/saintandrews.com.br\/#organization","name":"Ch\u00e2teau de Saint Andrews","url":"https:\/\/saintandrews.com.br\/","logo":{"@type":"ImageObject","inLanguage":"fr-FR","@id":"https:\/\/saintandrews.com.br\/#\/schema\/logo\/image\/","url":"https:\/\/saintandrews.com.br\/wp-content\/uploads\/2024\/04\/Logo-SaintAndrews-Cabecalho-01-01.svg","contentUrl":"https:\/\/saintandrews.com.br\/wp-content\/uploads\/2024\/04\/Logo-SaintAndrews-Cabecalho-01-01.svg","width":612.8999999999999772626324556767940521240234375,"height":167.5,"caption":"Castelo Saint Andrews"},"image":{"@id":"https:\/\/saintandrews.com.br\/#\/schema\/logo\/image\/"}}]}},"publishpress_future_action":{"enabled":false,"date":"2026-05-07 03:40:04","action":"change-status","newStatus":"draft","terms":[],"taxonomy":"product_brand","extraData":[]},"publishpress_future_workflow_manual_trigger":{"enabledWorkflows":[]},"_links":{"self":[{"href":"https:\/\/saintandrews.com.br\/fr\/wp-json\/wp\/v2\/product\/24867","targetHints":{"allow":["GET"]}}],"collection":[{"href":"https:\/\/saintandrews.com.br\/fr\/wp-json\/wp\/v2\/product"}],"about":[{"href":"https:\/\/saintandrews.com.br\/fr\/wp-json\/wp\/v2\/types\/product"}],"wp:featuredmedia":[{"embeddable":true,"href":"https:\/\/saintandrews.com.br\/fr\/wp-json\/wp\/v2\/media\/24881"}],"wp:attachment":[{"href":"https:\/\/saintandrews.com.br\/fr\/wp-json\/wp\/v2\/media?parent=24867"}],"wp:term":[{"taxonomy":"product_brand","embeddable":true,"href":"https:\/\/saintandrews.com.br\/fr\/wp-json\/wp\/v2\/product_brand?post=24867"},{"taxonomy":"product_cat","embeddable":true,"href":"https:\/\/saintandrews.com.br\/fr\/wp-json\/wp\/v2\/product_cat?post=24867"},{"taxonomy":"product_tag","embeddable":true,"href":"https:\/\/saintandrews.com.br\/fr\/wp-json\/wp\/v2\/product_tag?post=24867"}],"curies":[{"name":"wp","href":"https:\/\/api.w.org\/{rel}","templated":true}]}}