{"id":10610,"date":"2024-07-06T15:19:33","date_gmt":"2024-07-06T18:19:33","guid":{"rendered":"https:\/\/saintandrews.com.br\/?page_id=10610"},"modified":"2026-01-07T17:39:15","modified_gmt":"2026-01-07T20:39:15","slug":"fete-des-peres-4","status":"publish","type":"page","link":"https:\/\/saintandrews.com.br\/fr\/dia-dos-pais\/","title":{"rendered":"F\u00eate des p\u00e8res"},"content":{"rendered":"\t\t<div data-elementor-type=\"wp-page\" data-elementor-id=\"10610\" class=\"elementor elementor-10610\" data-elementor-post-type=\"page\">\n\t\t\t\t\t\t<section class=\"elementor-section elementor-top-section elementor-element elementor-element-4876dcc elementor-section-full_width elementor-section-height-default elementor-section-height-default\" data-id=\"4876dcc\" data-element_type=\"section\" data-e-type=\"section\" data-settings=\"{&quot;background_background&quot;:&quot;classic&quot;,&quot;background_motion_fx_motion_fx_scrolling&quot;:&quot;yes&quot;,&quot;background_motion_fx_translateY_effect&quot;:&quot;yes&quot;,&quot;background_motion_fx_translateY_direction&quot;:&quot;negative&quot;,&quot;background_motion_fx_translateY_speed&quot;:{&quot;unit&quot;:&quot;px&quot;,&quot;size&quot;:5.5,&quot;sizes&quot;:[]},&quot;background_motion_fx_translateY_affectedRange&quot;:{&quot;unit&quot;:&quot;%&quot;,&quot;size&quot;:&quot;&quot;,&quot;sizes&quot;:{&quot;start&quot;:11,&quot;end&quot;:76}},&quot;jet_parallax_layout_list&quot;:[],&quot;background_motion_fx_devices&quot;:[&quot;desktop&quot;,&quot;tablet&quot;,&quot;mobile&quot;]}\">\n\t\t\t\t\t\t<div class=\"elementor-container elementor-column-gap-no\">\n\t\t\t\t\t<div class=\"elementor-column elementor-col-100 elementor-top-column elementor-element elementor-element-4d6915c\" data-id=\"4d6915c\" data-element_type=\"column\" data-e-type=\"column\">\n\t\t\t<div class=\"elementor-widget-wrap\">\n\t\t\t\t\t\t\t<\/div>\n\t\t<\/div>\n\t\t\t\t\t<\/div>\n\t\t<\/section>\n\t\t\t\t<section class=\"elementor-section elementor-top-section elementor-element elementor-element-9aa67f5 elementor-section-boxed elementor-section-height-default elementor-section-height-default\" data-id=\"9aa67f5\" data-element_type=\"section\" data-e-type=\"section\" data-settings=\"{&quot;background_background&quot;:&quot;classic&quot;,&quot;animation&quot;:&quot;none&quot;,&quot;jet_parallax_layout_list&quot;:[]}\">\n\t\t\t\t\t\t<div class=\"elementor-container elementor-column-gap-default\">\n\t\t\t\t\t<div class=\"elementor-column elementor-col-100 elementor-top-column elementor-element elementor-element-ef6c5ba\" data-id=\"ef6c5ba\" data-element_type=\"column\" data-e-type=\"column\">\n\t\t\t<div class=\"elementor-widget-wrap elementor-element-populated\">\n\t\t\t\t\t\t<div class=\"elementor-element elementor-element-370c6a8 elementor-invisible elementor-widget elementor-widget-heading\" data-id=\"370c6a8\" data-element_type=\"widget\" data-e-type=\"widget\" data-settings=\"{&quot;_animation&quot;:&quot;fadeInUp&quot;}\" data-widget_type=\"heading.default\">\n\t\t\t\t\t<h2 class=\"elementor-heading-title elementor-size-default\">Dia dos pais<\/h2>\t\t\t\t<\/div>\n\t\t\t\t\t<\/div>\n\t\t<\/div>\n\t\t\t\t\t<\/div>\n\t\t<\/section>\n\t\t\t\t<section class=\"elementor-section elementor-top-section elementor-element elementor-element-7e6f9cb elementor-section-boxed elementor-section-height-default elementor-section-height-default elementor-invisible\" data-id=\"7e6f9cb\" data-element_type=\"section\" data-e-type=\"section\" data-settings=\"{&quot;background_background&quot;:&quot;gradient&quot;,&quot;animation&quot;:&quot;fadeIn&quot;,&quot;jet_parallax_layout_list&quot;:[]}\">\n\t\t\t\t\t\t<div class=\"elementor-container elementor-column-gap-default\">\n\t\t\t\t\t<div class=\"elementor-column elementor-col-25 elementor-top-column elementor-element elementor-element-1ea5185\" data-id=\"1ea5185\" data-element_type=\"column\" data-e-type=\"column\">\n\t\t\t<div class=\"elementor-widget-wrap\">\n\t\t\t\t\t\t\t<\/div>\n\t\t<\/div>\n\t\t\t\t<div class=\"elementor-column elementor-col-50 elementor-top-column elementor-element elementor-element-5362dc6\" data-id=\"5362dc6\" data-element_type=\"column\" data-e-type=\"column\">\n\t\t\t<div class=\"elementor-widget-wrap elementor-element-populated\">\n\t\t\t\t\t\t<div class=\"elementor-element elementor-element-520d0c3 elementor-widget elementor-widget-text-editor\" data-id=\"520d0c3\" data-element_type=\"widget\" data-e-type=\"widget\" data-widget_type=\"text-editor.default\">\n\t\t\t\t\t\t\t\t\t<p>Com Final de Semana especial<br \/>no Castelo Saint Andrews<\/p>\t\t\t\t\t\t\t\t<\/div>\n\t\t\t\t<div class=\"elementor-element elementor-element-c73bc98 elementor-widget elementor-widget-text-editor\" data-id=\"c73bc98\" data-element_type=\"widget\" data-e-type=\"widget\" data-widget_type=\"text-editor.default\">\n\t\t\t\t\t\t\t\t\t<p><strong>Uma programa\u00e7\u00e3o completa, de sexta-feira a domingo, para celebrar uma ocasi\u00e3o especial em fam\u00edlia no melhor lugar de Gramado.<\/strong><\/p><p><span style=\"letter-spacing: 1.2px; background-color: transparent;\">Muito mais do que apenas marcar uma data, preparamos uma comemora\u00e7\u00e3o com v\u00e1rias experi\u00eancias em um ambiente encantador, cercado pela exuberante natureza que circunda o Castelo Saint Andrews, com vista para o lago e para a deslumbrante paisagem do Vale do Quilombo. Cada su\u00edte ser\u00e1 presenteada com uma garrafa de vinho Malgarim, eleito por quatro anos consecutivos o melhor Tempranillo brasileiro pelo concurso Wines of Brazil Awards. Ainda como cortesia do Castelo, late check-out at\u00e9 16h no domingo (11 de agosto).\u00a0<\/span><\/p>\t\t\t\t\t\t\t\t<\/div>\n\t\t\t\t<div class=\"elementor-element elementor-element-f58ea6f elementor-widget elementor-widget-spacer\" data-id=\"f58ea6f\" data-element_type=\"widget\" data-e-type=\"widget\" data-widget_type=\"spacer.default\">\n\t\t\t\t\t\t\t<div class=\"elementor-spacer\">\n\t\t\t<div class=\"elementor-spacer-inner\"><\/div>\n\t\t<\/div>\n\t\t\t\t\t\t<\/div>\n\t\t\t\t<div class=\"elementor-element elementor-element-9f2a40a elementor-widget elementor-widget-text-editor\" data-id=\"9f2a40a\" data-element_type=\"widget\" data-e-type=\"widget\" data-widget_type=\"text-editor.default\">\n\t\t\t\t\t\t\t\t\t<p><span style=\"font-size: 10pt; color: #993300;\">Sexta-feira, 9 de agosto, 18h<br \/><\/span><strong><span style=\"letter-spacing: 1.2px; background-color: transparent; font-size: 14pt;\">Wine Experience<\/span><\/strong><\/p><p>Degusta\u00e7\u00e3o guiada de quatro r\u00f3tulos da Vin\u00edcola Madre Terra, que pratica\u00a0 agricultura regenerativa com respeito ao terroir e \u00e0 sociobiodiversidade na Indica\u00e7\u00e3o de Proced\u00eancia de Altos Montes, em Flores da Cunha (RS), coma presen\u00e7a da premiada produtora Tain\u00e1 Zaneti.<\/p><p><strong><br \/>Dura\u00e7\u00e3o: 2h &#8211; R$ 200 por pessoa<\/strong><\/p>\t\t\t\t\t\t\t\t<\/div>\n\t\t\t\t<div class=\"elementor-element elementor-element-1917912 elementor-widget elementor-widget-spacer\" data-id=\"1917912\" data-element_type=\"widget\" data-e-type=\"widget\" data-widget_type=\"spacer.default\">\n\t\t\t\t\t\t\t<div class=\"elementor-spacer\">\n\t\t\t<div class=\"elementor-spacer-inner\"><\/div>\n\t\t<\/div>\n\t\t\t\t\t\t<\/div>\n\t\t\t\t<div class=\"elementor-element elementor-element-9d118bf elementor-widget elementor-widget-text-editor\" data-id=\"9d118bf\" data-element_type=\"widget\" data-e-type=\"widget\" data-widget_type=\"text-editor.default\">\n\t\t\t\t\t\t\t\t\t<p><span style=\"font-size: 10pt; color: #993300;\">S\u00e1bado, das 12h30 \u00e0s 15h<\/span><\/p><p><span style=\"font-size: 14pt;\"><strong>Churrasco no jardim com costel\u00e3o no Fogo de Ch\u00e3o<\/strong><\/span><\/p><p>O chef Fernando Becker preparou uma sele\u00e7\u00e3o de cortes nobres e acompanhamentos saborosos para quem aprecia um bom churrasco ga\u00facho.<\/p><p>P\u00e3o de alho<br \/>Salada de folhas da nossa horta<br \/>Lingui\u00e7a artesanal campeira<br \/>Queijo Provolone<br \/>Cora\u00e7\u00e3o de galinha<br \/>Picanha<br \/>Entrecot<br \/>Costel\u00e3o fogo de ch\u00e3o<br \/>Costelinha su\u00edna<br \/>Arroz branco<br \/>Farofa de panko<br \/>Vinagrete da campanha<br \/>Abacaxi assado na brasa ao a\u00e7\u00facar e canela<\/p><p><strong><br \/>Pre\u00e7o: R$ 450 por pessoa<\/strong><br \/><span style=\"font-size: 8pt;\">(Ilha de bebidas cobradas \u00e0 parte)<\/span><\/p>\t\t\t\t\t\t\t\t<\/div>\n\t\t\t\t<div class=\"elementor-element elementor-element-c2d4eee elementor-widget elementor-widget-spacer\" data-id=\"c2d4eee\" data-element_type=\"widget\" data-e-type=\"widget\" data-widget_type=\"spacer.default\">\n\t\t\t\t\t\t\t<div class=\"elementor-spacer\">\n\t\t\t<div class=\"elementor-spacer-inner\"><\/div>\n\t\t<\/div>\n\t\t\t\t\t\t<\/div>\n\t\t\t\t<div class=\"elementor-element elementor-element-a2db345 elementor-widget elementor-widget-text-editor\" data-id=\"a2db345\" data-element_type=\"widget\" data-e-type=\"widget\" data-widget_type=\"text-editor.default\">\n\t\t\t\t\t\t\t\t\t<p><span style=\"font-size: 14pt; color: #993300;\"><span style=\"font-size: 10pt;\">Domingo, 11 de agosto, das 12h30 \u00e0s 15h<\/span><\/span><\/p><p><span style=\"font-size: 14pt;\"><strong>Almo\u00e7o especial em homenagem aos pais<\/strong><\/span><\/p><p>Menu elaborado pelo chef Fernando Becker com vinhos de alguns dos melhores produtores do Rio Grande do Sul, especialmente harmonizados pela sommeli\u00e8re Patr\u00edcia Cardoso<\/p><p>\u00a0<\/p><p>Amuse Bouche do chef com Welcome Drink<br \/><br \/>***<\/p><p>Sele\u00e7\u00e3o de p\u00e3es artesanais de fermenta\u00e7\u00e3o natural com manteiga<br \/><br \/>***<\/p><p>Salm\u00e3o grelhado com legumes da esta\u00e7\u00e3o e mix de folhas babys<br \/><br \/>***<\/p><p>Carr\u00e9 de cordeiro com batata doce roxa e farofa de pistache<br \/><br \/>***<\/p><p>Mini cake de chocolate belga e crumble de caf\u00e9<br \/><br \/>***<\/p><p><strong><br \/>Pre\u00e7o: R$ 350 por pessoa<\/strong><br \/><span style=\"font-size: 8pt;\">(servi\u00e7o de uma ta\u00e7a de 125 ml de cada r\u00f3tulo por pessoa)<\/span><\/p>\t\t\t\t\t\t\t\t<\/div>\n\t\t\t\t<div class=\"elementor-element elementor-element-aa888ed elementor-align-center elementor-widget elementor-widget-button\" data-id=\"aa888ed\" data-element_type=\"widget\" data-e-type=\"widget\" data-widget_type=\"button.default\">\n\t\t\t\t\t\t\t\t\t\t<a class=\"elementor-button elementor-button-link elementor-size-sm\" href=\"https:\/\/book.omnibees.com\/hotelresults?c=7273&#038;q=4372&#038;hotel_folder=&#038;NRooms=1&#038;CheckIn=09082024&#038;CheckOut=11082024&#038;ad=2&#038;ch=0&#038;ag=&#038;child_age_input=&#038;Code=&#038;group_code=&#038;loyalty_code=&#038;lang=pt-BR&#038;currencyId=16\" target=\"_blank\">\n\t\t\t\t\t\t<span class=\"elementor-button-content-wrapper\">\n\t\t\t\t\t\t\t\t\t<span class=\"elementor-button-text\">Reserva com Hospedagem<\/span>\n\t\t\t\t\t<\/span>\n\t\t\t\t\t<\/a>\n\t\t\t\t\t\t\t\t<\/div>\n\t\t\t\t<div class=\"elementor-element elementor-element-3a0d935 elementor-align-center elementor-widget elementor-widget-button\" data-id=\"3a0d935\" data-element_type=\"widget\" data-e-type=\"widget\" data-widget_type=\"button.default\">\n\t\t\t\t\t\t\t\t\t\t<a class=\"elementor-button elementor-button-link elementor-size-sm\" href=\"https:\/\/wa.link\/g5bztv\" target=\"_blank\">\n\t\t\t\t\t\t<span class=\"elementor-button-content-wrapper\">\n\t\t\t\t\t\t\t\t\t<span class=\"elementor-button-text\">Reserva para um evento - WhatsApp<\/span>\n\t\t\t\t\t<\/span>\n\t\t\t\t\t<\/a>\n\t\t\t\t\t\t\t\t<\/div>\n\t\t\t\t<div class=\"elementor-element elementor-element-0b25524 elementor-widget elementor-widget-spacer\" data-id=\"0b25524\" data-element_type=\"widget\" data-e-type=\"widget\" data-widget_type=\"spacer.default\">\n\t\t\t\t\t\t\t<div class=\"elementor-spacer\">\n\t\t\t<div class=\"elementor-spacer-inner\"><\/div>\n\t\t<\/div>\n\t\t\t\t\t\t<\/div>\n\t\t\t\t<div class=\"elementor-element elementor-element-8f6f341 elementor-widget elementor-widget-image\" data-id=\"8f6f341\" data-element_type=\"widget\" data-e-type=\"widget\" data-widget_type=\"image.default\">\n\t\t\t\t\t\t\t\t\t\t\t\t\t\t\t<img fetchpriority=\"high\" decoding=\"async\" width=\"800\" height=\"450\" src=\"https:\/\/saintandrews.com.br\/wp-content\/uploads\/2024\/07\/aerea24-2-1024x576.webp\" class=\"attachment-large size-large wp-image-10711\" alt=\"\" srcset=\"https:\/\/saintandrews.com.br\/wp-content\/uploads\/2024\/07\/aerea24-2-1024x576.webp 1024w, https:\/\/saintandrews.com.br\/wp-content\/uploads\/2024\/07\/aerea24-2-300x169.webp 300w, https:\/\/saintandrews.com.br\/wp-content\/uploads\/2024\/07\/aerea24-2-768x432.webp 768w, https:\/\/saintandrews.com.br\/wp-content\/uploads\/2024\/07\/aerea24-2-1536x864.webp 1536w, https:\/\/saintandrews.com.br\/wp-content\/uploads\/2024\/07\/aerea24-2-18x10.webp 18w, https:\/\/saintandrews.com.br\/wp-content\/uploads\/2024\/07\/aerea24-2-600x338.webp 600w, https:\/\/saintandrews.com.br\/wp-content\/uploads\/2024\/07\/aerea24-2-e1722273919229.webp 700w\" sizes=\"(max-width: 800px) 100vw, 800px\" \/>\t\t\t\t\t\t\t\t\t\t\t\t\t\t\t<\/div>\n\t\t\t\t\t<\/div>\n\t\t<\/div>\n\t\t\t\t<div class=\"elementor-column elementor-col-25 elementor-top-column elementor-element elementor-element-6f13a5c\" data-id=\"6f13a5c\" data-element_type=\"column\" data-e-type=\"column\">\n\t\t\t<div class=\"elementor-widget-wrap\">\n\t\t\t\t\t\t\t<\/div>\n\t\t<\/div>\n\t\t\t\t\t<\/div>\n\t\t<\/section>\n\t\t\t\t<section class=\"elementor-section elementor-top-section elementor-element elementor-element-0e88ecb elementor-section-boxed elementor-section-height-default elementor-section-height-default\" data-id=\"0e88ecb\" data-element_type=\"section\" data-e-type=\"section\" data-settings=\"{&quot;background_background&quot;:&quot;classic&quot;,&quot;animation&quot;:&quot;none&quot;,&quot;jet_parallax_layout_list&quot;:[]}\">\n\t\t\t\t\t\t<div class=\"elementor-container elementor-column-gap-default\">\n\t\t\t\t\t<div class=\"elementor-column elementor-col-25 elementor-top-column elementor-element elementor-element-afe2bb3\" data-id=\"afe2bb3\" data-element_type=\"column\" data-e-type=\"column\">\n\t\t\t<div class=\"elementor-widget-wrap\">\n\t\t\t\t\t\t\t<\/div>\n\t\t<\/div>\n\t\t\t\t<div class=\"elementor-column elementor-col-50 elementor-top-column elementor-element elementor-element-64d6b98\" data-id=\"64d6b98\" data-element_type=\"column\" data-e-type=\"column\">\n\t\t\t<div class=\"elementor-widget-wrap elementor-element-populated\">\n\t\t\t\t\t\t<div class=\"elementor-element elementor-element-c36aae1 elementor-widget__width-inherit elementor-widget elementor-widget-image\" data-id=\"c36aae1\" data-element_type=\"widget\" data-e-type=\"widget\" data-widget_type=\"image.default\">\n\t\t\t\t\t\t\t\t\t\t\t\t\t\t\t<img decoding=\"async\" width=\"768\" height=\"133\" src=\"https:\/\/saintandrews.com.br\/wp-content\/uploads\/2024\/04\/divisor-768x133.png\" class=\"attachment-medium_large size-medium_large wp-image-9473\" alt=\"\" srcset=\"https:\/\/saintandrews.com.br\/wp-content\/uploads\/2024\/04\/divisor-768x133.png 768w, https:\/\/saintandrews.com.br\/wp-content\/uploads\/2024\/04\/divisor-300x52.png 300w, https:\/\/saintandrews.com.br\/wp-content\/uploads\/2024\/04\/divisor-1024x177.png 1024w, https:\/\/saintandrews.com.br\/wp-content\/uploads\/2024\/04\/divisor.png 1070w\" sizes=\"(max-width: 768px) 100vw, 768px\" \/>\t\t\t\t\t\t\t\t\t\t\t\t\t\t\t<\/div>\n\t\t\t\t\t<\/div>\n\t\t<\/div>\n\t\t\t\t<div class=\"elementor-column elementor-col-25 elementor-top-column elementor-element elementor-element-07c17b4\" data-id=\"07c17b4\" data-element_type=\"column\" data-e-type=\"column\">\n\t\t\t<div class=\"elementor-widget-wrap elementor-element-populated\">\n\t\t\t\t\t\t<div class=\"elementor-element elementor-element-73a02f6 elementor-widget elementor-widget-spacer\" data-id=\"73a02f6\" data-element_type=\"widget\" data-e-type=\"widget\" data-widget_type=\"spacer.default\">\n\t\t\t\t\t\t\t<div class=\"elementor-spacer\">\n\t\t\t<div class=\"elementor-spacer-inner\"><\/div>\n\t\t<\/div>\n\t\t\t\t\t\t<\/div>\n\t\t\t\t\t<\/div>\n\t\t<\/div>\n\t\t\t\t\t<\/div>\n\t\t<\/section>\n\t\t\t\t<\/div>\n\t\t","protected":false},"excerpt":{"rendered":"<p>Dia dos pais Com Final de Semana especialno Castelo Saint Andrews Uma programa\u00e7\u00e3o completa, de sexta-feira a domingo, para celebrar uma ocasi\u00e3o especial em fam\u00edlia no melhor lugar de Gramado. Muito mais do que apenas marcar uma data, preparamos uma comemora\u00e7\u00e3o com v\u00e1rias experi\u00eancias em um ambiente encantador, cercado pela exuberante natureza que circunda o [&hellip;]<\/p>\n","protected":false},"author":2,"featured_media":0,"parent":0,"menu_order":0,"comment_status":"closed","ping_status":"closed","template":"elementor_header_footer","meta":{"_acf_changed":false,"footnotes":""},"class_list":["post-10610","page","type-page","status-publish","hentry"],"acf":[],"yoast_head":"<!-- This site is optimized with the Yoast SEO plugin v27.2 - https:\/\/yoast.com\/product\/yoast-seo-wordpress\/ -->\n<title>Dia dos Pais - Castelo Saint Andrews<\/title>\n<meta name=\"robots\" content=\"index, follow, max-snippet:-1, max-image-preview:large, max-video-preview:-1\" \/>\n<link rel=\"canonical\" href=\"https:\/\/saintandrews.com.br\/fr\/fete-des-peres-4\/\" \/>\n<meta property=\"og:locale\" content=\"fr_FR\" \/>\n<meta property=\"og:type\" content=\"article\" \/>\n<meta property=\"og:title\" content=\"Dia dos Pais - Castelo Saint Andrews\" \/>\n<meta property=\"og:description\" content=\"Dia dos pais Com Final de Semana especialno Castelo Saint Andrews Uma programa\u00e7\u00e3o completa, de sexta-feira a domingo, para celebrar uma ocasi\u00e3o especial em fam\u00edlia no melhor lugar de Gramado. Muito mais do que apenas marcar uma data, preparamos uma comemora\u00e7\u00e3o com v\u00e1rias experi\u00eancias em um ambiente encantador, cercado pela exuberante natureza que circunda o [&hellip;]\" \/>\n<meta property=\"og:url\" content=\"https:\/\/saintandrews.com.br\/fr\/fete-des-peres-4\/\" \/>\n<meta property=\"og:site_name\" content=\"Castelo Saint Andrews\" \/>\n<meta property=\"article:modified_time\" content=\"2026-01-07T20:39:15+00:00\" \/>\n<meta property=\"og:image\" content=\"https:\/\/saintandrews.com.br\/wp-content\/uploads\/2024\/07\/aerea24-2-e1722273919229.webp\" \/>\n\t<meta property=\"og:image:width\" content=\"700\" \/>\n\t<meta property=\"og:image:height\" content=\"394\" \/>\n\t<meta property=\"og:image:type\" content=\"image\/webp\" \/>\n<meta name=\"twitter:card\" content=\"summary_large_image\" \/>\n<meta name=\"twitter:label1\" content=\"Dur\u00e9e de lecture estim\u00e9e\" \/>\n\t<meta name=\"twitter:data1\" content=\"3 minutes\" \/>\n<script type=\"application\/ld+json\" class=\"yoast-schema-graph\">{\"@context\":\"https:\/\/schema.org\",\"@graph\":[{\"@type\":\"WebPage\",\"@id\":\"https:\/\/saintandrews.com.br\/dia-dos-pais\/\",\"url\":\"https:\/\/saintandrews.com.br\/dia-dos-pais\/\",\"name\":\"Dia dos Pais - Castelo Saint Andrews\",\"isPartOf\":{\"@id\":\"https:\/\/saintandrews.com.br\/#website\"},\"primaryImageOfPage\":{\"@id\":\"https:\/\/saintandrews.com.br\/dia-dos-pais\/#primaryimage\"},\"image\":{\"@id\":\"https:\/\/saintandrews.com.br\/dia-dos-pais\/#primaryimage\"},\"thumbnailUrl\":\"https:\/\/saintandrews.com.br\/wp-content\/uploads\/2024\/07\/aerea24-2-1024x576.webp\",\"datePublished\":\"2024-07-06T18:19:33+00:00\",\"dateModified\":\"2026-01-07T20:39:15+00:00\",\"breadcrumb\":{\"@id\":\"https:\/\/saintandrews.com.br\/dia-dos-pais\/#breadcrumb\"},\"inLanguage\":\"fr-FR\",\"potentialAction\":[{\"@type\":\"ReadAction\",\"target\":[\"https:\/\/saintandrews.com.br\/dia-dos-pais\/\"]}]},{\"@type\":\"ImageObject\",\"inLanguage\":\"fr-FR\",\"@id\":\"https:\/\/saintandrews.com.br\/dia-dos-pais\/#primaryimage\",\"url\":\"https:\/\/saintandrews.com.br\/wp-content\/uploads\/2024\/07\/aerea24-2-1024x576.webp\",\"contentUrl\":\"https:\/\/saintandrews.com.br\/wp-content\/uploads\/2024\/07\/aerea24-2-1024x576.webp\"},{\"@type\":\"BreadcrumbList\",\"@id\":\"https:\/\/saintandrews.com.br\/dia-dos-pais\/#breadcrumb\",\"itemListElement\":[{\"@type\":\"ListItem\",\"position\":1,\"name\":\"In\u00edcio\",\"item\":\"https:\/\/saintandrews.com.br\/\"},{\"@type\":\"ListItem\",\"position\":2,\"name\":\"Dia dos Pais\"}]},{\"@type\":\"WebSite\",\"@id\":\"https:\/\/saintandrews.com.br\/#website\",\"url\":\"https:\/\/saintandrews.com.br\/\",\"name\":\"Castelo Saint Andrews\",\"description\":\"Seu hotel\u00a0em\u00a0Gramado\",\"publisher\":{\"@id\":\"https:\/\/saintandrews.com.br\/#organization\"},\"potentialAction\":[{\"@type\":\"SearchAction\",\"target\":{\"@type\":\"EntryPoint\",\"urlTemplate\":\"https:\/\/saintandrews.com.br\/?s={search_term_string}\"},\"query-input\":{\"@type\":\"PropertyValueSpecification\",\"valueRequired\":true,\"valueName\":\"search_term_string\"}}],\"inLanguage\":\"fr-FR\"},{\"@type\":\"Organization\",\"@id\":\"https:\/\/saintandrews.com.br\/#organization\",\"name\":\"Castelo Saint Andrews\",\"url\":\"https:\/\/saintandrews.com.br\/\",\"logo\":{\"@type\":\"ImageObject\",\"inLanguage\":\"fr-FR\",\"@id\":\"https:\/\/saintandrews.com.br\/#\/schema\/logo\/image\/\",\"url\":\"https:\/\/saintandrews.com.br\/wp-content\/uploads\/2024\/04\/Logo-SaintAndrews-Cabecalho-01-01.svg\",\"contentUrl\":\"https:\/\/saintandrews.com.br\/wp-content\/uploads\/2024\/04\/Logo-SaintAndrews-Cabecalho-01-01.svg\",\"width\":612.8999999999999772626324556767940521240234375,\"height\":167.5,\"caption\":\"Castelo Saint Andrews\"},\"image\":{\"@id\":\"https:\/\/saintandrews.com.br\/#\/schema\/logo\/image\/\"}}]}<\/script>\n<!-- \/ Yoast SEO plugin. -->","yoast_head_json":{"title":"F\u00eate des p\u00e8res - Ch\u00e2teau de Saint Andrews","robots":{"index":"index","follow":"follow","max-snippet":"max-snippet:-1","max-image-preview":"max-image-preview:large","max-video-preview":"max-video-preview:-1"},"canonical":"https:\/\/saintandrews.com.br\/fr\/fete-des-peres-4\/","og_locale":"fr_FR","og_type":"article","og_title":"Dia dos Pais - Castelo Saint Andrews","og_description":"Dia dos pais Com Final de Semana especialno Castelo Saint Andrews Uma programa\u00e7\u00e3o completa, de sexta-feira a domingo, para celebrar uma ocasi\u00e3o especial em fam\u00edlia no melhor lugar de Gramado. Muito mais do que apenas marcar uma data, preparamos uma comemora\u00e7\u00e3o com v\u00e1rias experi\u00eancias em um ambiente encantador, cercado pela exuberante natureza que circunda o [&hellip;]","og_url":"https:\/\/saintandrews.com.br\/fr\/fete-des-peres-4\/","og_site_name":"Castelo Saint Andrews","article_modified_time":"2026-01-07T20:39:15+00:00","og_image":[{"width":700,"height":394,"url":"https:\/\/saintandrews.com.br\/wp-content\/uploads\/2024\/07\/aerea24-2-e1722273919229.webp","type":"image\/webp"}],"twitter_card":"summary_large_image","twitter_misc":{"Dur\u00e9e de lecture estim\u00e9e":"3 minutes"},"schema":{"@context":"https:\/\/schema.org","@graph":[{"@type":"WebPage","@id":"https:\/\/saintandrews.com.br\/dia-dos-pais\/","url":"https:\/\/saintandrews.com.br\/dia-dos-pais\/","name":"F\u00eate des p\u00e8res - Ch\u00e2teau de Saint Andrews","isPartOf":{"@id":"https:\/\/saintandrews.com.br\/#website"},"primaryImageOfPage":{"@id":"https:\/\/saintandrews.com.br\/dia-dos-pais\/#primaryimage"},"image":{"@id":"https:\/\/saintandrews.com.br\/dia-dos-pais\/#primaryimage"},"thumbnailUrl":"https:\/\/saintandrews.com.br\/wp-content\/uploads\/2024\/07\/aerea24-2-1024x576.webp","datePublished":"2024-07-06T18:19:33+00:00","dateModified":"2026-01-07T20:39:15+00:00","breadcrumb":{"@id":"https:\/\/saintandrews.com.br\/dia-dos-pais\/#breadcrumb"},"inLanguage":"fr-FR","potentialAction":[{"@type":"ReadAction","target":["https:\/\/saintandrews.com.br\/dia-dos-pais\/"]}]},{"@type":"ImageObject","inLanguage":"fr-FR","@id":"https:\/\/saintandrews.com.br\/dia-dos-pais\/#primaryimage","url":"https:\/\/saintandrews.com.br\/wp-content\/uploads\/2024\/07\/aerea24-2-1024x576.webp","contentUrl":"https:\/\/saintandrews.com.br\/wp-content\/uploads\/2024\/07\/aerea24-2-1024x576.webp"},{"@type":"BreadcrumbList","@id":"https:\/\/saintandrews.com.br\/dia-dos-pais\/#breadcrumb","itemListElement":[{"@type":"ListItem","position":1,"name":"In\u00edcio","item":"https:\/\/saintandrews.com.br\/"},{"@type":"ListItem","position":2,"name":"Dia dos Pais"}]},{"@type":"WebSite","@id":"https:\/\/saintandrews.com.br\/#website","url":"https:\/\/saintandrews.com.br\/","name":"Ch\u00e2teau de Saint Andrews","description":"Votre h\u00f4tel \u00e0 Gramado","publisher":{"@id":"https:\/\/saintandrews.com.br\/#organization"},"potentialAction":[{"@type":"SearchAction","target":{"@type":"EntryPoint","urlTemplate":"https:\/\/saintandrews.com.br\/?s={search_term_string}"},"query-input":{"@type":"PropertyValueSpecification","valueRequired":true,"valueName":"search_term_string"}}],"inLanguage":"fr-FR"},{"@type":"Organization","@id":"https:\/\/saintandrews.com.br\/#organization","name":"Ch\u00e2teau de Saint Andrews","url":"https:\/\/saintandrews.com.br\/","logo":{"@type":"ImageObject","inLanguage":"fr-FR","@id":"https:\/\/saintandrews.com.br\/#\/schema\/logo\/image\/","url":"https:\/\/saintandrews.com.br\/wp-content\/uploads\/2024\/04\/Logo-SaintAndrews-Cabecalho-01-01.svg","contentUrl":"https:\/\/saintandrews.com.br\/wp-content\/uploads\/2024\/04\/Logo-SaintAndrews-Cabecalho-01-01.svg","width":612.8999999999999772626324556767940521240234375,"height":167.5,"caption":"Castelo Saint Andrews"},"image":{"@id":"https:\/\/saintandrews.com.br\/#\/schema\/logo\/image\/"}}]}},"publishpress_future_action":{"enabled":false,"date":"2026-05-07 06:38:16","action":"change-status","newStatus":"draft","terms":[],"taxonomy":"","extraData":[]},"publishpress_future_workflow_manual_trigger":{"enabledWorkflows":[]},"_links":{"self":[{"href":"https:\/\/saintandrews.com.br\/fr\/wp-json\/wp\/v2\/pages\/10610","targetHints":{"allow":["GET"]}}],"collection":[{"href":"https:\/\/saintandrews.com.br\/fr\/wp-json\/wp\/v2\/pages"}],"about":[{"href":"https:\/\/saintandrews.com.br\/fr\/wp-json\/wp\/v2\/types\/page"}],"author":[{"embeddable":true,"href":"https:\/\/saintandrews.com.br\/fr\/wp-json\/wp\/v2\/users\/2"}],"replies":[{"embeddable":true,"href":"https:\/\/saintandrews.com.br\/fr\/wp-json\/wp\/v2\/comments?post=10610"}],"version-history":[{"count":1,"href":"https:\/\/saintandrews.com.br\/fr\/wp-json\/wp\/v2\/pages\/10610\/revisions"}],"predecessor-version":[{"id":21076,"href":"https:\/\/saintandrews.com.br\/fr\/wp-json\/wp\/v2\/pages\/10610\/revisions\/21076"}],"wp:attachment":[{"href":"https:\/\/saintandrews.com.br\/fr\/wp-json\/wp\/v2\/media?parent=10610"}],"curies":[{"name":"wp","href":"https:\/\/api.w.org\/{rel}","templated":true}]}}